{"id":417,"date":"2019-09-03T12:54:10","date_gmt":"2019-09-03T15:54:10","guid":{"rendered":"https:\/\/fhservitec.com.br\/Site\/?page_id=417"},"modified":"2019-09-03T13:04:49","modified_gmt":"2019-09-03T16:04:49","slug":"veiculos","status":"publish","type":"page","link":"https:\/\/fhservitec.com.br\/Site\/veiculos\/","title":{"rendered":"VE\u00cdCULOS E CADASTRO NO DETRAN MG"},"content":{"rendered":"\n<div class=\"wp-block-media-text alignwide\" style=\"grid-template-columns:40% auto\"><figure class=\"wp-block-media-text__media\"><img data-recalc-dims=\"1\" loading=\"lazy\" decoding=\"async\" width=\"432\" height=\"288\" src=\"https:\/\/i0.wp.com\/fhservitec.com.br\/Site\/wp-content\/uploads\/2018\/10\/detran.jpg?resize=432%2C288&#038;ssl=1\" alt=\"\" class=\"wp-image-77\" srcset=\"https:\/\/i0.wp.com\/fhservitec.com.br\/Site\/wp-content\/uploads\/2018\/10\/detran.jpg?w=432&amp;ssl=1 432w, https:\/\/i0.wp.com\/fhservitec.com.br\/Site\/wp-content\/uploads\/2018\/10\/detran.jpg?resize=300%2C200&amp;ssl=1 300w\" sizes=\"auto, (max-width: 432px) 100vw, 432px\" \/><\/figure><div class=\"wp-block-media-text__content\">\n<ul class=\"wp-block-list\"><li>Laudo t\u00e9cnico para desmonte conforme Resolu\u00e7\u00e3o n\u00ba 530\/2015 CONTRAN<\/li><li>Revis\u00e3o e documento de Responsabilidade T\u00e9cnica (RT) sobre legado.<\/li><li>Responsabilidade T\u00e9cnica sobre as desmontagens e recupera\u00e7\u00e3o com emiss\u00e3o dos Laudos T\u00e9cnicos Mec\u00e2nicos.<\/li><li>Projeto de sistemas de preven\u00e7\u00e3o e Combate ao inc\u00eandio e p\u00e2nico, laudo de licenciamento ambiental, Programa de Gerenciamento de Res\u00edduos S\u00f3lidos.<\/li><li>PRO-CDV: credenciamento de empresas no DETRAN MG. <\/li><\/ul>\n<\/div><\/div>\n","protected":false},"excerpt":{"rendered":"<p>Laudo t\u00e9cnico para desmonte conforme Resolu\u00e7\u00e3o n\u00ba 530\/2015 CONTRAN Revis\u00e3o e documento de Responsabilidade T\u00e9cnica (RT) sobre legado. Responsabilidade T\u00e9cnica sobre as desmontagens e recupera\u00e7\u00e3o com emiss\u00e3o dos Laudos T\u00e9cnicos Mec\u00e2nicos. Projeto de sistemas de preven\u00e7\u00e3o e Combate ao inc\u00eandio e p\u00e2nico, laudo de licenciamento ambiental, Programa de Gerenciamento de Res\u00edduos S\u00f3lidos. PRO-CDV: credenciamento de&hellip; <br \/> <a class=\"read-more\" href=\"https:\/\/fhservitec.com.br\/Site\/veiculos\/\">Leia mais<\/a><\/p>\n","protected":false},"author":1,"featured_media":0,"parent":0,"menu_order":0,"comment_status":"closed","ping_status":"closed","template":"","meta":{"jetpack_post_was_ever_published":false,"footnotes":""},"class_list":["post-417","page","type-page","status-publish","hentry"],"jetpack_sharing_enabled":true,"jetpack_shortlink":"https:\/\/wp.me\/PaUeSc-6J","_links":{"self":[{"href":"https:\/\/fhservitec.com.br\/Site\/wp-json\/wp\/v2\/pages\/417","targetHints":{"allow":["GET"]}}],"collection":[{"href":"https:\/\/fhservitec.com.br\/Site\/wp-json\/wp\/v2\/pages"}],"about":[{"href":"https:\/\/fhservitec.com.br\/Site\/wp-json\/wp\/v2\/types\/page"}],"author":[{"embeddable":true,"href":"https:\/\/fhservitec.com.br\/Site\/wp-json\/wp\/v2\/users\/1"}],"replies":[{"embeddable":true,"href":"https:\/\/fhservitec.com.br\/Site\/wp-json\/wp\/v2\/comments?post=417"}],"version-history":[{"count":1,"href":"https:\/\/fhservitec.com.br\/Site\/wp-json\/wp\/v2\/pages\/417\/revisions"}],"predecessor-version":[{"id":420,"href":"https:\/\/fhservitec.com.br\/Site\/wp-json\/wp\/v2\/pages\/417\/revisions\/420"}],"wp:attachment":[{"href":"https:\/\/fhservitec.com.br\/Site\/wp-json\/wp\/v2\/media?parent=417"}],"curies":[{"name":"wp","href":"https:\/\/api.w.org\/{rel}","templated":true}]}}