{"id":425,"date":"2019-09-03T13:45:34","date_gmt":"2019-09-03T16:45:34","guid":{"rendered":"https:\/\/fhservitec.com.br\/Site\/?page_id=425"},"modified":"2023-06-12T18:21:35","modified_gmt":"2023-06-12T21:21:35","slug":"equipe","status":"publish","type":"page","link":"https:\/\/fhservitec.com.br\/Site\/equipe\/","title":{"rendered":"EQUIPE FH SERVI\u00c7OS T\u00c9CNICOS"},"content":{"rendered":"\n<p class=\"has-medium-font-size\"> A FH SERVI\u00c7OS T\u00c9CNICOS foi fundada em julho de 2013, no intuito de presta\u00e7\u00e3o de servi\u00e7os t\u00e9cnicos de qualidade por profissionais especializados, atuantes no mercado e em meio acad\u00eamico. <\/p>\n\n\n\n<p class=\"has-medium-font-size\">Hoje a empresa conta com os s\u00f3cios, estagi\u00e1rios, vistoriadores veiculares e prestadores de servi\u00e7o, al\u00e9m de parcerias com outros profissionais e empreiteira para a execu\u00e7\u00e3o.<\/p>\n\n\n\n<h2 class=\"wp-block-heading\">S\u00d3CIOS<\/h2>\n\n\n\n<div class=\"wp-block-columns has-2-columns is-layout-flex wp-container-core-columns-is-layout-9d6595d7 wp-block-columns-is-layout-flex\">\n<div class=\"wp-block-column is-layout-flow wp-block-column-is-layout-flow\">\n<h3 class=\"wp-block-heading\">HANDERSON CORREA GOMES<\/h3>\n\n\n\n<h4 class=\"wp-block-heading\">S\u00d3CIO DIRETOR<\/h4>\n\n\n\n<figure class=\"wp-block-image size-large\"><img data-recalc-dims=\"1\" loading=\"lazy\" decoding=\"async\" width=\"768\" height=\"1024\" src=\"https:\/\/i0.wp.com\/fhservitec.com.br\/Site\/wp-content\/uploads\/2022\/11\/3x4-Handerson.jpg?resize=768%2C1024&#038;ssl=1\" alt=\"\" class=\"wp-image-897\" srcset=\"https:\/\/i0.wp.com\/fhservitec.com.br\/Site\/wp-content\/uploads\/2022\/11\/3x4-Handerson-scaled.jpg?resize=768%2C1024&amp;ssl=1 768w, https:\/\/i0.wp.com\/fhservitec.com.br\/Site\/wp-content\/uploads\/2022\/11\/3x4-Handerson-scaled.jpg?resize=225%2C300&amp;ssl=1 225w, https:\/\/i0.wp.com\/fhservitec.com.br\/Site\/wp-content\/uploads\/2022\/11\/3x4-Handerson-scaled.jpg?resize=1152%2C1536&amp;ssl=1 1152w, https:\/\/i0.wp.com\/fhservitec.com.br\/Site\/wp-content\/uploads\/2022\/11\/3x4-Handerson-scaled.jpg?resize=1536%2C2048&amp;ssl=1 1536w, https:\/\/i0.wp.com\/fhservitec.com.br\/Site\/wp-content\/uploads\/2022\/11\/3x4-Handerson-scaled.jpg?resize=1024%2C1365&amp;ssl=1 1024w, https:\/\/i0.wp.com\/fhservitec.com.br\/Site\/wp-content\/uploads\/2022\/11\/3x4-Handerson-scaled.jpg?resize=810%2C1080&amp;ssl=1 810w, https:\/\/i0.wp.com\/fhservitec.com.br\/Site\/wp-content\/uploads\/2022\/11\/3x4-Handerson-scaled.jpg?resize=600%2C800&amp;ssl=1 600w, https:\/\/i0.wp.com\/fhservitec.com.br\/Site\/wp-content\/uploads\/2022\/11\/3x4-Handerson-scaled.jpg?w=1920&amp;ssl=1 1920w\" sizes=\"auto, (max-width: 768px) 100vw, 768px\" \/><\/figure>\n\n\n\n<p> ENGENHEIRO&nbsp;MEC\u00c2NICO INDUSTRIAL E&nbsp;SEGURAN\u00c7A DO TRABALHO<br>handerson.correa@fhservitec.com.br<\/p>\n\n\n\n<p><\/p>\n\n\n\n<p>Possui gradua\u00e7\u00e3o em Engenharia Industrial Mec\u00e2nica pelo Centro Federal de Educa\u00e7\u00e3o Tecnol\u00f3gica de Minas Gerais (1994), Mestrando em Engenharia Mec\u00e2nica. Foi professor na Faculdade ALIS em Itabirito. Foi professor e Membro do NDE do Curso de Engenharia Mec\u00e2nica do Centro Universit\u00e1rio Newton Paiva Ferreira ; Ex-Coordenador &#8211; Unidas Inspe\u00e7\u00f5es T\u00e9cnicas Ltda; Atuou como Professor Universit\u00e1rio &#8211; PUCMINAS e como Professor da P\u00f3s Gradua\u00e7\u00e3o em Engenharia Automotiva &#8211; Programa START IVECO no IEC PUCMINAS em Sete Lagoas\/MG; Atua\u00e7\u00e3o como Instrutor do SENAI &#8211; Centro de Forma\u00e7\u00e3o Profissional ACR, atuando nas \u00e1reas de Manuten\u00e7\u00e3o Industrial, Eletrohidropneum\u00e1tica, Fundamentos de M\u00e1quinas T\u00e9rmicas e Hidr\u00e1ulicas, Metrologia, Elementos de M\u00e1quinas e Programa\u00e7\u00e3o CNC. Tem experi\u00eancia na \u00e1rea de Engenharia Mec\u00e2nica, com \u00eanfase em manuten\u00e7\u00e3o industrial, seguran\u00e7a do trabalho, per\u00edcias t\u00e9cnicas em m\u00e1quinas pesadas, judiciais nas \u00e1rea de insalubridade e periculosidade, e, ger\u00eancia de riscos industriais.<\/p>\n<\/div>\n\n\n\n<div class=\"wp-block-column is-layout-flow wp-block-column-is-layout-flow\">\n<h3 class=\"wp-block-heading\">MARIANA SILVEIRA DE BARROS RIBEIRO<\/h3>\n\n\n\n<h4 class=\"wp-block-heading\">S\u00d3CIA DIRETORA<\/h4>\n\n\n\n<figure class=\"wp-block-image size-large\"><img data-recalc-dims=\"1\" loading=\"lazy\" decoding=\"async\" width=\"768\" height=\"1024\" src=\"https:\/\/i0.wp.com\/fhservitec.com.br\/Site\/wp-content\/uploads\/2022\/11\/3x4-Mari-1.jpg?resize=768%2C1024&#038;ssl=1\" alt=\"\" class=\"wp-image-909\" srcset=\"https:\/\/i0.wp.com\/fhservitec.com.br\/Site\/wp-content\/uploads\/2022\/11\/3x4-Mari-1-scaled.jpg?resize=768%2C1024&amp;ssl=1 768w, https:\/\/i0.wp.com\/fhservitec.com.br\/Site\/wp-content\/uploads\/2022\/11\/3x4-Mari-1-scaled.jpg?resize=225%2C300&amp;ssl=1 225w, https:\/\/i0.wp.com\/fhservitec.com.br\/Site\/wp-content\/uploads\/2022\/11\/3x4-Mari-1-scaled.jpg?resize=1152%2C1536&amp;ssl=1 1152w, https:\/\/i0.wp.com\/fhservitec.com.br\/Site\/wp-content\/uploads\/2022\/11\/3x4-Mari-1-scaled.jpg?resize=1536%2C2048&amp;ssl=1 1536w, https:\/\/i0.wp.com\/fhservitec.com.br\/Site\/wp-content\/uploads\/2022\/11\/3x4-Mari-1-scaled.jpg?resize=1024%2C1366&amp;ssl=1 1024w, https:\/\/i0.wp.com\/fhservitec.com.br\/Site\/wp-content\/uploads\/2022\/11\/3x4-Mari-1-scaled.jpg?resize=810%2C1080&amp;ssl=1 810w, https:\/\/i0.wp.com\/fhservitec.com.br\/Site\/wp-content\/uploads\/2022\/11\/3x4-Mari-1-scaled.jpg?resize=600%2C800&amp;ssl=1 600w, https:\/\/i0.wp.com\/fhservitec.com.br\/Site\/wp-content\/uploads\/2022\/11\/3x4-Mari-1-scaled.jpg?w=1920&amp;ssl=1 1920w\" sizes=\"auto, (max-width: 768px) 100vw, 768px\" \/><\/figure>\n\n\n\n<p>DOUTORA EM ENGENHARIA MEC\u00c2NICA<br>ARQUITETA URBANISTA E ENGENHEIRA DE ESTRUTURAS<br>mariana.ribeiro@fhservitec.com.br<\/p>\n\n\n\n<p>Possui gradua\u00e7\u00e3o em Arquitetura e Urbanismo pela Universidade Federal de Minas Gerais (2006) e mestrado em Engenharia de Estruturas pela Universidade Federal de Minas Gerais (2010). Doutora em Engenharia Mec\u00e2nica com \u00eanfase em An\u00e1lise Estrutural na PUCMINAS. Atualmente \u00e9 professora no Centro Universit\u00e1rio Unihorizontes  Arquitetura e Urbanismo. Foi coordenadora do curso de Engenharia Civil do Centro Universit\u00e1rio Newton Paiva. Foi professora de regime integral do Centro Universit\u00e1rio Newton Paiva onde lecionou nos cursos de Engenharia Civil e Arquitetura e Urbanismo, e orientou trabalhos de conclus\u00e3o de curso. Foi coordenadora do curso de Engenharia Civil do Centro Universit\u00e1rio Newton Paiva. Lecionou durante sete semestres no curso de Engenharia de Produ\u00e7\u00e3o e Engenharia Ambiental na Funcesi, onde orientou trabalhos de conclus\u00e3o de curso e MBA em Gest\u00e3o de Projetos. Possui curso de Capacita\u00e7\u00e3o para Coordenadores de Curso pela Carta Consulta, e de Capacita\u00e7\u00e3o docente para ensino superior pela Faculdade de Educa\u00e7\u00e3o da UFMG. Possui linha de pesquisa em alvenaria estrutural, otimiza\u00e7\u00e3o estrutural, compatibiliza\u00e7\u00e3o de projetos, racionaliza\u00e7\u00e3o da constru\u00e7\u00e3o, ergonomia, gest\u00e3o de projetos.<\/p>\n<\/div>\n<\/div>\n\n\n\n<h2 class=\"wp-block-heading\">EQUIPE<\/h2>\n\n\n\n<div class=\"wp-block-columns has-2-columns is-layout-flex wp-container-core-columns-is-layout-9d6595d7 wp-block-columns-is-layout-flex\">\n<div class=\"wp-block-column is-layout-flow wp-block-column-is-layout-flow\">\n<p><\/p>\n\n\n\n<div class=\"wp-block-media-text alignwide is-stacked-on-mobile\" style=\"grid-template-columns:30% auto\"><figure class=\"wp-block-media-text__media\"><img data-recalc-dims=\"1\" loading=\"lazy\" decoding=\"async\" width=\"768\" height=\"1024\" src=\"https:\/\/i0.wp.com\/fhservitec.com.br\/Site\/wp-content\/uploads\/2022\/11\/3x4-fran.jpg?resize=768%2C1024&#038;ssl=1\" alt=\"\" class=\"wp-image-903 size-full\" srcset=\"https:\/\/i0.wp.com\/fhservitec.com.br\/Site\/wp-content\/uploads\/2022\/11\/3x4-fran-scaled.jpg?resize=768%2C1024&amp;ssl=1 768w, https:\/\/i0.wp.com\/fhservitec.com.br\/Site\/wp-content\/uploads\/2022\/11\/3x4-fran-scaled.jpg?resize=225%2C300&amp;ssl=1 225w, https:\/\/i0.wp.com\/fhservitec.com.br\/Site\/wp-content\/uploads\/2022\/11\/3x4-fran-scaled.jpg?resize=1152%2C1536&amp;ssl=1 1152w, https:\/\/i0.wp.com\/fhservitec.com.br\/Site\/wp-content\/uploads\/2022\/11\/3x4-fran-scaled.jpg?resize=1536%2C2048&amp;ssl=1 1536w, https:\/\/i0.wp.com\/fhservitec.com.br\/Site\/wp-content\/uploads\/2022\/11\/3x4-fran-scaled.jpg?resize=1024%2C1365&amp;ssl=1 1024w, https:\/\/i0.wp.com\/fhservitec.com.br\/Site\/wp-content\/uploads\/2022\/11\/3x4-fran-scaled.jpg?resize=810%2C1080&amp;ssl=1 810w, https:\/\/i0.wp.com\/fhservitec.com.br\/Site\/wp-content\/uploads\/2022\/11\/3x4-fran-scaled.jpg?resize=600%2C800&amp;ssl=1 600w, https:\/\/i0.wp.com\/fhservitec.com.br\/Site\/wp-content\/uploads\/2022\/11\/3x4-fran-scaled.jpg?w=1920&amp;ssl=1 1920w\" sizes=\"auto, (max-width: 768px) 100vw, 768px\" \/><\/figure><div class=\"wp-block-media-text__content\">\n<p style=\"font-size:15px\"><strong>FRANCIELLE DAYANE FERRAZ SILVA<\/strong><\/p>\n\n\n\n<p><em>Auxiliar Administrativo<\/em><\/p>\n\n\n\n<p><span style=\"text-decoration: underline;\">francielle.ferraz@fhservitec.com.br <\/span><\/p>\n<\/div><\/div>\n\n\n\n<p><\/p>\n\n\n\n<div class=\"wp-block-media-text alignwide is-stacked-on-mobile\" style=\"grid-template-columns:30% auto\"><figure class=\"wp-block-media-text__media\"><img data-recalc-dims=\"1\" loading=\"lazy\" decoding=\"async\" width=\"768\" height=\"1024\" src=\"https:\/\/i0.wp.com\/fhservitec.com.br\/Site\/wp-content\/uploads\/2022\/11\/FOTO-GUILHERME.jpg?resize=768%2C1024&#038;ssl=1\" alt=\"\" class=\"wp-image-906 size-full\" srcset=\"https:\/\/i0.wp.com\/fhservitec.com.br\/Site\/wp-content\/uploads\/2022\/11\/FOTO-GUILHERME-scaled.jpg?resize=768%2C1024&amp;ssl=1 768w, https:\/\/i0.wp.com\/fhservitec.com.br\/Site\/wp-content\/uploads\/2022\/11\/FOTO-GUILHERME-scaled.jpg?resize=225%2C300&amp;ssl=1 225w, https:\/\/i0.wp.com\/fhservitec.com.br\/Site\/wp-content\/uploads\/2022\/11\/FOTO-GUILHERME-scaled.jpg?resize=1152%2C1536&amp;ssl=1 1152w, https:\/\/i0.wp.com\/fhservitec.com.br\/Site\/wp-content\/uploads\/2022\/11\/FOTO-GUILHERME-scaled.jpg?resize=1536%2C2048&amp;ssl=1 1536w, https:\/\/i0.wp.com\/fhservitec.com.br\/Site\/wp-content\/uploads\/2022\/11\/FOTO-GUILHERME-scaled.jpg?resize=1024%2C1365&amp;ssl=1 1024w, https:\/\/i0.wp.com\/fhservitec.com.br\/Site\/wp-content\/uploads\/2022\/11\/FOTO-GUILHERME-scaled.jpg?resize=810%2C1080&amp;ssl=1 810w, https:\/\/i0.wp.com\/fhservitec.com.br\/Site\/wp-content\/uploads\/2022\/11\/FOTO-GUILHERME-scaled.jpg?resize=600%2C800&amp;ssl=1 600w, https:\/\/i0.wp.com\/fhservitec.com.br\/Site\/wp-content\/uploads\/2022\/11\/FOTO-GUILHERME-scaled.jpg?w=1920&amp;ssl=1 1920w\" sizes=\"auto, (max-width: 768px) 100vw, 768px\" \/><\/figure><div class=\"wp-block-media-text__content\">\n<p style=\"font-size:15px\">GUILHERME ESTEVES COSTA <\/p>\n\n\n\n<p><em>Estagi\u00e1rio Eng. Mec\u00e2nica<\/em><\/p>\n\n\n\n<p><span style=\"text-decoration: underline;\">guilherme.costa@fhservitec.com.br <\/span><\/p>\n<\/div><\/div>\n\n\n\n<p><\/p>\n\n\n\n<div class=\"wp-block-media-text alignwide is-stacked-on-mobile\" style=\"grid-template-columns:30% auto\"><figure class=\"wp-block-media-text__media\"><img data-recalc-dims=\"1\" loading=\"lazy\" decoding=\"async\" width=\"766\" height=\"1024\" src=\"https:\/\/i0.wp.com\/fhservitec.com.br\/Site\/wp-content\/uploads\/2023\/06\/IMG-20230612-WA0272.jpg?resize=766%2C1024&#038;ssl=1\" alt=\"\" class=\"wp-image-919 size-full\" srcset=\"https:\/\/i0.wp.com\/fhservitec.com.br\/Site\/wp-content\/uploads\/2023\/06\/IMG-20230612-WA0272.jpg?resize=766%2C1024&amp;ssl=1 766w, https:\/\/i0.wp.com\/fhservitec.com.br\/Site\/wp-content\/uploads\/2023\/06\/IMG-20230612-WA0272.jpg?resize=224%2C300&amp;ssl=1 224w, https:\/\/i0.wp.com\/fhservitec.com.br\/Site\/wp-content\/uploads\/2023\/06\/IMG-20230612-WA0272.jpg?resize=768%2C1027&amp;ssl=1 768w, https:\/\/i0.wp.com\/fhservitec.com.br\/Site\/wp-content\/uploads\/2023\/06\/IMG-20230612-WA0272.jpg?resize=1149%2C1536&amp;ssl=1 1149w, https:\/\/i0.wp.com\/fhservitec.com.br\/Site\/wp-content\/uploads\/2023\/06\/IMG-20230612-WA0272.jpg?resize=1024%2C1369&amp;ssl=1 1024w, https:\/\/i0.wp.com\/fhservitec.com.br\/Site\/wp-content\/uploads\/2023\/06\/IMG-20230612-WA0272.jpg?resize=808%2C1080&amp;ssl=1 808w, https:\/\/i0.wp.com\/fhservitec.com.br\/Site\/wp-content\/uploads\/2023\/06\/IMG-20230612-WA0272.jpg?resize=600%2C802&amp;ssl=1 600w, https:\/\/i0.wp.com\/fhservitec.com.br\/Site\/wp-content\/uploads\/2023\/06\/IMG-20230612-WA0272.jpg?w=1197&amp;ssl=1 1197w\" sizes=\"auto, (max-width: 766px) 100vw, 766px\" \/><\/figure><div class=\"wp-block-media-text__content\">\n<p style=\"font-size:15px\"><strong>ANA LUIZA RIBEIRO<\/strong><\/p>\n\n\n\n<p><em>Estagi\u00e1ria de Arquitetura<\/em> <span style=\"text-decoration: underline;\">ana.luiza@fhservitec.com.br <\/span><\/p>\n<\/div><\/div>\n\n\n\n<h2 class=\"wp-block-heading\"><\/h2>\n\n\n\n<div class=\"wp-block-media-text alignwide is-stacked-on-mobile\" style=\"grid-template-columns:30% auto\"><figure class=\"wp-block-media-text__media\"><img data-recalc-dims=\"1\" loading=\"lazy\" decoding=\"async\" width=\"766\" height=\"1024\" src=\"https:\/\/i0.wp.com\/fhservitec.com.br\/Site\/wp-content\/uploads\/2023\/06\/IMG-20230612-WA0270.jpg?resize=766%2C1024&#038;ssl=1\" alt=\"\" class=\"wp-image-918 size-full\" srcset=\"https:\/\/i0.wp.com\/fhservitec.com.br\/Site\/wp-content\/uploads\/2023\/06\/IMG-20230612-WA0270.jpg?resize=766%2C1024&amp;ssl=1 766w, https:\/\/i0.wp.com\/fhservitec.com.br\/Site\/wp-content\/uploads\/2023\/06\/IMG-20230612-WA0270.jpg?resize=224%2C300&amp;ssl=1 224w, https:\/\/i0.wp.com\/fhservitec.com.br\/Site\/wp-content\/uploads\/2023\/06\/IMG-20230612-WA0270.jpg?resize=768%2C1027&amp;ssl=1 768w, https:\/\/i0.wp.com\/fhservitec.com.br\/Site\/wp-content\/uploads\/2023\/06\/IMG-20230612-WA0270.jpg?resize=1149%2C1536&amp;ssl=1 1149w, https:\/\/i0.wp.com\/fhservitec.com.br\/Site\/wp-content\/uploads\/2023\/06\/IMG-20230612-WA0270.jpg?resize=1024%2C1369&amp;ssl=1 1024w, https:\/\/i0.wp.com\/fhservitec.com.br\/Site\/wp-content\/uploads\/2023\/06\/IMG-20230612-WA0270.jpg?resize=808%2C1080&amp;ssl=1 808w, https:\/\/i0.wp.com\/fhservitec.com.br\/Site\/wp-content\/uploads\/2023\/06\/IMG-20230612-WA0270.jpg?resize=600%2C802&amp;ssl=1 600w, https:\/\/i0.wp.com\/fhservitec.com.br\/Site\/wp-content\/uploads\/2023\/06\/IMG-20230612-WA0270.jpg?w=1197&amp;ssl=1 1197w\" sizes=\"auto, (max-width: 766px) 100vw, 766px\" \/><\/figure><div class=\"wp-block-media-text__content\">\n<p style=\"font-size:15px\"><strong>VINICIUS DUTRA<\/strong><\/p>\n\n\n\n<p><em>Estagi\u00e1rio de Arquitetura<\/em> <span style=\"text-decoration: underline;\">vinicius.dutra@fhservitec.com.br <\/span><\/p>\n<\/div><\/div>\n<\/div>\n\n\n\n<div class=\"wp-block-column is-layout-flow wp-block-column-is-layout-flow\">\n<div class=\"wp-block-media-text alignwide is-stacked-on-mobile\" style=\"grid-template-columns:31% auto\"><figure class=\"wp-block-media-text__media\"><img data-recalc-dims=\"1\" loading=\"lazy\" decoding=\"async\" width=\"768\" height=\"1024\" src=\"https:\/\/i0.wp.com\/fhservitec.com.br\/Site\/wp-content\/uploads\/2022\/11\/3x4-fred.jpg?resize=768%2C1024&#038;ssl=1\" alt=\"\" class=\"wp-image-900 size-full\" srcset=\"https:\/\/i0.wp.com\/fhservitec.com.br\/Site\/wp-content\/uploads\/2022\/11\/3x4-fred-scaled.jpg?resize=768%2C1024&amp;ssl=1 768w, https:\/\/i0.wp.com\/fhservitec.com.br\/Site\/wp-content\/uploads\/2022\/11\/3x4-fred-scaled.jpg?resize=225%2C300&amp;ssl=1 225w, https:\/\/i0.wp.com\/fhservitec.com.br\/Site\/wp-content\/uploads\/2022\/11\/3x4-fred-scaled.jpg?resize=1152%2C1536&amp;ssl=1 1152w, https:\/\/i0.wp.com\/fhservitec.com.br\/Site\/wp-content\/uploads\/2022\/11\/3x4-fred-scaled.jpg?resize=1536%2C2048&amp;ssl=1 1536w, https:\/\/i0.wp.com\/fhservitec.com.br\/Site\/wp-content\/uploads\/2022\/11\/3x4-fred-scaled.jpg?resize=1024%2C1365&amp;ssl=1 1024w, https:\/\/i0.wp.com\/fhservitec.com.br\/Site\/wp-content\/uploads\/2022\/11\/3x4-fred-scaled.jpg?resize=810%2C1080&amp;ssl=1 810w, https:\/\/i0.wp.com\/fhservitec.com.br\/Site\/wp-content\/uploads\/2022\/11\/3x4-fred-scaled.jpg?resize=600%2C800&amp;ssl=1 600w, https:\/\/i0.wp.com\/fhservitec.com.br\/Site\/wp-content\/uploads\/2022\/11\/3x4-fred-scaled.jpg?w=1920&amp;ssl=1 1920w\" sizes=\"auto, (max-width: 768px) 100vw, 768px\" \/><\/figure><div class=\"wp-block-media-text__content\">\n<p><strong>FREDERICO COSTA OLIVEIRA ALVES<\/strong><\/p>\n\n\n\n<p><em>Gestor de Vistorias<\/em><br><span style=\"text-decoration: underline;\">frederico.alves@fhservitec.com.br<\/span><\/p>\n<\/div><\/div>\n\n\n\n<p><\/p>\n\n\n\n<p><\/p>\n\n\n\n<div class=\"wp-block-media-text alignwide is-stacked-on-mobile\" style=\"grid-template-columns:31% auto\"><figure class=\"wp-block-media-text__media\"><img data-recalc-dims=\"1\" loading=\"lazy\" decoding=\"async\" width=\"768\" height=\"1024\" src=\"https:\/\/i0.wp.com\/fhservitec.com.br\/Site\/wp-content\/uploads\/2022\/11\/3x4-Paulo.jpg?resize=768%2C1024&#038;ssl=1\" alt=\"\" class=\"wp-image-901 size-full\" srcset=\"https:\/\/i0.wp.com\/fhservitec.com.br\/Site\/wp-content\/uploads\/2022\/11\/3x4-Paulo-scaled.jpg?resize=768%2C1024&amp;ssl=1 768w, https:\/\/i0.wp.com\/fhservitec.com.br\/Site\/wp-content\/uploads\/2022\/11\/3x4-Paulo-scaled.jpg?resize=225%2C300&amp;ssl=1 225w, https:\/\/i0.wp.com\/fhservitec.com.br\/Site\/wp-content\/uploads\/2022\/11\/3x4-Paulo-scaled.jpg?resize=1152%2C1536&amp;ssl=1 1152w, https:\/\/i0.wp.com\/fhservitec.com.br\/Site\/wp-content\/uploads\/2022\/11\/3x4-Paulo-scaled.jpg?resize=1536%2C2048&amp;ssl=1 1536w, https:\/\/i0.wp.com\/fhservitec.com.br\/Site\/wp-content\/uploads\/2022\/11\/3x4-Paulo-scaled.jpg?resize=1024%2C1365&amp;ssl=1 1024w, https:\/\/i0.wp.com\/fhservitec.com.br\/Site\/wp-content\/uploads\/2022\/11\/3x4-Paulo-scaled.jpg?resize=810%2C1080&amp;ssl=1 810w, https:\/\/i0.wp.com\/fhservitec.com.br\/Site\/wp-content\/uploads\/2022\/11\/3x4-Paulo-scaled.jpg?resize=600%2C800&amp;ssl=1 600w, https:\/\/i0.wp.com\/fhservitec.com.br\/Site\/wp-content\/uploads\/2022\/11\/3x4-Paulo-scaled.jpg?w=1920&amp;ssl=1 1920w\" sizes=\"auto, (max-width: 768px) 100vw, 768px\" \/><\/figure><div class=\"wp-block-media-text__content\">\n<p style=\"font-size:15px\"><strong>PAULO HENRIQUE OLIVEIRA<\/strong><\/p>\n\n\n\n<p><em>Supervisor de Vistorias <\/em><br><span style=\"text-decoration: underline;\">paulo.oliveira@fhservitec.com.br<\/span><\/p>\n<\/div><\/div>\n\n\n\n<p><\/p>\n\n\n\n<div class=\"wp-block-media-text alignwide is-stacked-on-mobile\" style=\"grid-template-columns:31% auto\"><figure class=\"wp-block-media-text__media\"><img data-recalc-dims=\"1\" loading=\"lazy\" decoding=\"async\" width=\"768\" height=\"1024\" src=\"https:\/\/i0.wp.com\/fhservitec.com.br\/Site\/wp-content\/uploads\/2022\/11\/3x4-daniel.jpg?resize=768%2C1024&#038;ssl=1\" alt=\"\" class=\"wp-image-902 size-full\" srcset=\"https:\/\/i0.wp.com\/fhservitec.com.br\/Site\/wp-content\/uploads\/2022\/11\/3x4-daniel-scaled.jpg?resize=768%2C1024&amp;ssl=1 768w, https:\/\/i0.wp.com\/fhservitec.com.br\/Site\/wp-content\/uploads\/2022\/11\/3x4-daniel-scaled.jpg?resize=225%2C300&amp;ssl=1 225w, https:\/\/i0.wp.com\/fhservitec.com.br\/Site\/wp-content\/uploads\/2022\/11\/3x4-daniel-scaled.jpg?resize=1152%2C1536&amp;ssl=1 1152w, https:\/\/i0.wp.com\/fhservitec.com.br\/Site\/wp-content\/uploads\/2022\/11\/3x4-daniel-scaled.jpg?resize=1536%2C2048&amp;ssl=1 1536w, https:\/\/i0.wp.com\/fhservitec.com.br\/Site\/wp-content\/uploads\/2022\/11\/3x4-daniel-scaled.jpg?resize=1024%2C1365&amp;ssl=1 1024w, https:\/\/i0.wp.com\/fhservitec.com.br\/Site\/wp-content\/uploads\/2022\/11\/3x4-daniel-scaled.jpg?resize=810%2C1080&amp;ssl=1 810w, https:\/\/i0.wp.com\/fhservitec.com.br\/Site\/wp-content\/uploads\/2022\/11\/3x4-daniel-scaled.jpg?resize=600%2C800&amp;ssl=1 600w, https:\/\/i0.wp.com\/fhservitec.com.br\/Site\/wp-content\/uploads\/2022\/11\/3x4-daniel-scaled.jpg?w=1920&amp;ssl=1 1920w\" sizes=\"auto, (max-width: 768px) 100vw, 768px\" \/><\/figure><div class=\"wp-block-media-text__content\">\n<p style=\"font-size:15px\"><strong>DANIEL OLIVIERA MARINHO<\/strong><\/p>\n\n\n\n<p><em>Vistoriador Veicular<\/em><br><span style=\"text-decoration: underline;\">daniel.marinho@fhservitec.com.br<\/span><\/p>\n<\/div><\/div>\n\n\n\n<div class=\"wp-block-columns has-2-columns is-layout-flex wp-container-core-columns-is-layout-9d6595d7 wp-block-columns-is-layout-flex\">\n<div class=\"wp-block-column is-layout-flow wp-block-column-is-layout-flow\">\n<p><\/p>\n<\/div>\n\n\n\n<div class=\"wp-block-column is-layout-flow wp-block-column-is-layout-flow\"><\/div>\n<\/div>\n<\/div>\n<\/div>\n","protected":false},"excerpt":{"rendered":"<p>A FH SERVI\u00c7OS T\u00c9CNICOS foi fundada em julho de 2013, no intuito de presta\u00e7\u00e3o de servi\u00e7os t\u00e9cnicos de qualidade por profissionais especializados, atuantes no mercado e em meio acad\u00eamico. Hoje a empresa conta com os s\u00f3cios, estagi\u00e1rios, vistoriadores veiculares e prestadores de servi\u00e7o, al\u00e9m de parcerias com outros profissionais e empreiteira para a execu\u00e7\u00e3o. S\u00d3CIOS&hellip; <br \/> <a class=\"read-more\" href=\"https:\/\/fhservitec.com.br\/Site\/equipe\/\">Leia mais<\/a><\/p>\n","protected":false},"author":1,"featured_media":0,"parent":0,"menu_order":0,"comment_status":"closed","ping_status":"closed","template":"","meta":{"jetpack_post_was_ever_published":false,"footnotes":""},"class_list":["post-425","page","type-page","status-publish","hentry"],"jetpack_sharing_enabled":true,"jetpack_shortlink":"https:\/\/wp.me\/PaUeSc-6R","_links":{"self":[{"href":"https:\/\/fhservitec.com.br\/Site\/wp-json\/wp\/v2\/pages\/425","targetHints":{"allow":["GET"]}}],"collection":[{"href":"https:\/\/fhservitec.com.br\/Site\/wp-json\/wp\/v2\/pages"}],"about":[{"href":"https:\/\/fhservitec.com.br\/Site\/wp-json\/wp\/v2\/types\/page"}],"author":[{"embeddable":true,"href":"https:\/\/fhservitec.com.br\/Site\/wp-json\/wp\/v2\/users\/1"}],"replies":[{"embeddable":true,"href":"https:\/\/fhservitec.com.br\/Site\/wp-json\/wp\/v2\/comments?post=425"}],"version-history":[{"count":29,"href":"https:\/\/fhservitec.com.br\/Site\/wp-json\/wp\/v2\/pages\/425\/revisions"}],"predecessor-version":[{"id":920,"href":"https:\/\/fhservitec.com.br\/Site\/wp-json\/wp\/v2\/pages\/425\/revisions\/920"}],"wp:attachment":[{"href":"https:\/\/fhservitec.com.br\/Site\/wp-json\/wp\/v2\/media?parent=425"}],"curies":[{"name":"wp","href":"https:\/\/api.w.org\/{rel}","templated":true}]}}